{"id":114,"date":"2022-09-07T11:35:39","date_gmt":"2022-09-07T11:35:39","guid":{"rendered":"https:\/\/ibp-aee.org\/dev\/?page_id=114"},"modified":"2024-04-05T22:15:56","modified_gmt":"2024-04-05T21:15:56","slug":"home","status":"publish","type":"page","link":"https:\/\/ibp-aee.org\/dev\/","title":{"rendered":"Home"},"content":{"rendered":"<p>[et_pb_section fb_built=&#8221;1&#8243; fullwidth=&#8221;on&#8221; _builder_version=&#8221;4.21.0&#8243; _module_preset=&#8221;default&#8221; hover_enabled=&#8221;0&#8243; global_colors_info=&#8221;{}&#8221; sticky_enabled=&#8221;0&#8243;][et_pb_fullwidth_slider _builder_version=&#8221;4.21.0&#8243; _module_preset=&#8221;default&#8221; header_font=&#8221;Roboto|700|||||||&#8221; header_text_align=&#8221;left&#8221; header_font_size=&#8221;53px&#8221; body_text_align=&#8221;left&#8221; background_color=&#8221;#FFFFFF&#8221; background_image=&#8221;https:\/\/ibp-aee.org\/dev\/wp-content\/uploads\/2022\/09\/book-library-with-open-textbook-1-scaled.jpg&#8221; text_orientation=&#8221;left&#8221; min_height=&#8221;650.3px&#8221; custom_margin=&#8221;||-5px|||&#8221; hover_enabled=&#8221;0&#8243; global_colors_info=&#8221;{}&#8221; sticky_enabled=&#8221;0&#8243;][et_pb_slide _builder_version=&#8221;4.16&#8243; _module_preset=&#8221;default&#8221; header_level=&#8221;h2&#8243; header_text_align=&#8221;left&#8221; body_font=&#8221;Roboto|700|||||||&#8221; body_font_size=&#8221;60px&#8221; body_line_height=&#8221;1.1em&#8221; background_color=&#8221;#FFFFFF&#8221; background_enable_color=&#8221;on&#8221; background_image=&#8221;https:\/\/ibp-aee.org\/dev\/wp-content\/uploads\/2022\/09\/book-library-with-open-textbook-1-scaled.jpg&#8221; background_enable_image=&#8221;on&#8221; text_orientation=&#8221;left&#8221; global_colors_info=&#8221;{}&#8221; sticky_transition=&#8221;on&#8221;]<\/p>\n<p>Bem-Vindo ao Instituto<br \/>B\u00edblico Portugu\u00eas<\/p>\n<p>[\/et_pb_slide][et_pb_slide _builder_version=&#8221;4.16&#8243; _module_preset=&#8221;default&#8221; header_level=&#8221;h2&#8243; header_text_align=&#8221;left&#8221; body_font=&#8221;Roboto|700|||||||&#8221; body_font_size=&#8221;60px&#8221; body_line_height=&#8221;1.1em&#8221; background_color=&#8221;#FFFFFF&#8221; background_enable_color=&#8221;on&#8221; background_image=&#8221;https:\/\/ibp-aee.org\/dev\/wp-content\/uploads\/2023\/03\/site-ABEN8-Slide-Tema-16-9.png&#8221; background_enable_image=&#8221;on&#8221; text_orientation=&#8221;left&#8221; global_colors_info=&#8221;{}&#8221; sticky_transition=&#8221;on&#8221;][\/et_pb_slide][et_pb_slide _builder_version=&#8221;4.16&#8243; _module_preset=&#8221;default&#8221; header_text_align=&#8221;center&#8221; header_font_size=&#8221;56px&#8221; body_font=&#8221;|700|||||||&#8221; body_text_align=&#8221;left&#8221; body_font_size=&#8221;50px&#8221; body_line_height=&#8221;0.1em&#8221; background_image=&#8221;https:\/\/ibp-aee.org\/dev\/wp-content\/uploads\/2022\/09\/girls-sitting-around-table-reading-book-with-blurred-background-scaled.jpg&#8221; background_enable_image=&#8221;on&#8221; text_orientation=&#8221;left&#8221; global_colors_info=&#8221;{}&#8221; sticky_transition=&#8221;on&#8221;]Deus est\u00e1 no centro da nossa exist\u00eancia <\/p>\n<p>e \u00e9 o fim \u00faltimo do nosso minist\u00e9rio, <\/p>\n<p>que visa a Sua gl\u00f3ria.[\/et_pb_slide][\/et_pb_fullwidth_slider][\/et_pb_section][et_pb_section fb_built=&#8221;1&#8243; _builder_version=&#8221;4.16&#8243; _module_preset=&#8221;default&#8221; global_colors_info=&#8221;{}&#8221;][\/et_pb_section][et_pb_section fb_built=&#8221;1&#8243; _builder_version=&#8221;4.16&#8243; _module_preset=&#8221;default&#8221; min_height=&#8221;369.4px&#8221; global_colors_info=&#8221;{}&#8221;][et_pb_row column_structure=&#8221;1_2,1_2&#8243; _builder_version=&#8221;4.16&#8243; _module_preset=&#8221;default&#8221; global_colors_info=&#8221;{}&#8221;][et_pb_column type=&#8221;1_2&#8243; _builder_version=&#8221;4.16&#8243; _module_preset=&#8221;default&#8221; global_colors_info=&#8221;{}&#8221;][et_pb_text _builder_version=&#8221;4.16&#8243; _module_preset=&#8221;default&#8221; text_font=&#8221;Bodoni Moda|700|||||||&#8221; text_text_color=&#8221;#ac1925&#8243; text_font_size=&#8221;45px&#8221; text_line_height=&#8221;1.1em&#8221; global_colors_info=&#8221;{}&#8221;]<\/p>\n<p>Vis\u00e3o Interdenominacional<\/p>\n<p>[\/et_pb_text][\/et_pb_column][et_pb_column type=&#8221;1_2&#8243; _builder_version=&#8221;4.16&#8243; _module_preset=&#8221;default&#8221; global_colors_info=&#8221;{}&#8221;][et_pb_text _builder_version=&#8221;4.16&#8243; _module_preset=&#8221;default&#8221; text_font=&#8221;Roboto|300|||||||&#8221; text_font_size=&#8221;18px&#8221; text_line_height=&#8221;1.5em&#8221; global_colors_info=&#8221;{}&#8221;]<\/p>\n<p>No IBP cultivamos um ambiente de respeito pela diferen\u00e7a, que caracteriza o estado atual do povo evang\u00e9lico portugu\u00eas. N\u00e3o somos partid\u00e1rios do ecumenismo e, apesar da complexidade atual, acreditamos que o testemunho evang\u00e9lico s\u00f3 tem a beneficiar com o melhor entendimento e relacionamento entre os diversos grupos eclesi\u00e1sticos, num esp\u00edrito da ora\u00e7\u00e3o sacerdotal de Cristo para que &#8220;eles sejam um&#8221;.<\/p>\n<p>Todos aqueles que passam por esta institui\u00e7\u00e3o ficar\u00e3o mais habilitados para promover um esp\u00edrito de uni\u00e3o e de trabalho entre as diversas denomina\u00e7\u00f5es, sem preju\u00edzo das convic\u00e7\u00f5es pessoais e denominacionais, que achamos extremamente importantes.<\/p>\n<p>[\/et_pb_text][et_pb_code _builder_version=&#8221;4.16&#8243; _module_preset=&#8221;default&#8221; global_colors_info=&#8221;{}&#8221;]<pee><!-- [et_pb_line_break_holder] --><pee><!-- [et_pb_line_break_holder] -->  <pee><!-- [et_pb_line_break_holder] -->[\/et_pb_code][\/et_pb_column][\/et_pb_row][\/et_pb_section][et_pb_section fb_built=&#8221;1&#8243; _builder_version=&#8221;4.16&#8243; _module_preset=&#8221;default&#8221; min_height=&#8221;234.4px&#8221; global_colors_info=&#8221;{}&#8221;][et_pb_row column_structure=&#8221;1_2,1_2&#8243; _builder_version=&#8221;4.16&#8243; _module_preset=&#8221;default&#8221; min_height=&#8221;668.5px&#8221; global_colors_info=&#8221;{}&#8221;][et_pb_column type=&#8221;1_2&#8243; _builder_version=&#8221;4.16&#8243; _module_preset=&#8221;default&#8221; global_colors_info=&#8221;{}&#8221;][et_pb_image src=&#8221;https:\/\/ibp-aee.org\/dev\/wp-content\/uploads\/2022\/09\/student-sharing-her-knowledge-with-her-colleagues-scaled.jpg&#8221; title_text=&#8221;student-sharing-her-knowledge-with-her-colleagues&#8221; _builder_version=&#8221;4.16&#8243; _module_preset=&#8221;default&#8221; background_enable_image=&#8221;off&#8221; width=&#8221;100%&#8221; max_width=&#8221;100%&#8221; custom_margin=&#8221;80px||||false|false&#8221; global_colors_info=&#8221;{}&#8221;][\/et_pb_image][\/et_pb_column][et_pb_column type=&#8221;1_2&#8243; _builder_version=&#8221;4.16&#8243; _module_preset=&#8221;default&#8221; background_enable_image=&#8221;off&#8221; global_colors_info=&#8221;{}&#8221;][et_pb_text _builder_version=&#8221;4.16&#8243; _module_preset=&#8221;default&#8221; text_font=&#8221;Bodoni Moda|700|||||||&#8221; text_text_color=&#8221;#ac1925&#8243; text_font_size=&#8221;45px&#8221; text_line_height=&#8221;1.1em&#8221; global_colors_info=&#8221;{}&#8221;]<\/p>\n<p>O nosso prop\u00f3sito<\/p>\n<p>[\/et_pb_text][et_pb_text _builder_version=&#8221;4.16&#8243; _module_preset=&#8221;default&#8221; text_font=&#8221;Roboto|300|||||||&#8221; text_font_size=&#8221;18px&#8221; text_line_height=&#8221;1.5em&#8221; global_colors_info=&#8221;{}&#8221;]<\/p>\n<p>Nunca \u00e9 demais salientar que estamos profundamente comprometidos com Deus e a Sua Palavra, sendo esta a fonte que serve de motiva\u00e7\u00e3o e de a\u00e7\u00e3o evangel\u00edstica. Porque estamos em Portugal, queremos servir o pa\u00eds \u00e0 luz dos desafios que encontramos em Deus e na Sua Palavra, sem o comprometimento destes.<\/p>\n<p>Acreditamos que vivemos uma \u00e9poca \u00e1urea de paz e de liberdade na hist\u00f3ria do pa\u00eds e que existe uma necessidade urgente de compartilhar os valores morais, espirituais e sociais emanados das Escrituras, para servirem de impulso para o bem de muitas na\u00e7\u00f5es.<\/p>\n<p>Queremos preparar os alunos desta institui\u00e7\u00e3o para serem cidad\u00e3os dignos do Reino de Deus e desta terra, sendo estes o &#8220;sal&#8221; e a &#8220;luz&#8221; do mundo.Queremos, ainda, que por meio do IBP, a emblem\u00e1tica ora\u00e7\u00e3o de Jesus &#8220;<em>Orai ao Senhor para que envie ceifeiros para a Seara<\/em>&#8221; se materialize no decorrer dos anos, para honra e gl\u00f3ria de Deus.<\/p>\n<p>[\/et_pb_text][et_pb_code _builder_version=&#8221;4.16&#8243; _module_preset=&#8221;default&#8221; global_colors_info=&#8221;{}&#8221;]<pee><!-- [et_pb_line_break_holder] --><\/pee><!-- [et_pb_line_break_holder] --><\/pee><!-- [et_pb_line_break_holder] --><\/pee><!-- [et_pb_line_break_holder] --><\/pee><!-- [et_pb_line_break_holder] --><\/pee><!-- [et_pb_line_break_holder] --><\/pee>[\/et_pb_code][\/et_pb_column][\/et_pb_row][\/et_pb_section][et_pb_section fb_built=&#8221;1&#8243; _builder_version=&#8221;4.16&#8243; _module_preset=&#8221;default&#8221; background_color=&#8221;#cfcccc&#8221; global_colors_info=&#8221;{}&#8221;][et_pb_row column_structure=&#8221;1_2,1_2&#8243; _builder_version=&#8221;4.16&#8243; _module_preset=&#8221;default&#8221; global_colors_info=&#8221;{}&#8221;][et_pb_column type=&#8221;1_2&#8243; _builder_version=&#8221;4.16&#8243; _module_preset=&#8221;default&#8221; global_colors_info=&#8221;{}&#8221;][et_pb_text _builder_version=&#8221;4.16&#8243; _module_preset=&#8221;default&#8221; text_font=&#8221;|700|||||||&#8221; text_font_size=&#8221;45px&#8221; custom_padding=&#8221;21px|||||&#8221; global_colors_info=&#8221;{}&#8221;]<\/p>\n<p>Onde estamos?<\/p>\n<p>[\/et_pb_text][et_pb_text _builder_version=&#8221;4.16&#8243; _module_preset=&#8221;default&#8221; text_font=&#8221;|300|||||||&#8221; text_font_size=&#8221;18px&#8221; global_colors_info=&#8221;{}&#8221;]<\/p>\n<p>As instala\u00e7\u00f5es do IBP est\u00e3o localizadas na <strong>Rua do Castelo Pic\u00e3o, n\u00ba 13, em St\u00ba Ant\u00e3o do Tojal<\/strong>, concelho de Loures &#8211; a 15 Km da grande cidade de Lisboa.<br \/>Os acessos s\u00e3o f\u00e1ceis e r\u00e1pidos, nomeadamente atrav\u00e9s da autoestrada (CREL-A9) ou por meio dos autocarros da RL (331 e 344 &#8211; Campo Grande &#8211; Bucelas).<\/p>\n<p>O IBP, para al\u00e9m do seu &#8220;campus&#8221; (instala\u00e7\u00f5es) perto de Lisboa, tem tamb\u00e9m v\u00e1rios Centros por Extens\u00e3o e Escolas M\u00f3veis pelo pa\u00eds, em v\u00e1rias localidades, e em coopera\u00e7\u00e3o com diversas Igrejas.<\/p>\n<p>[\/et_pb_text][\/et_pb_column][et_pb_column type=&#8221;1_2&#8243; _builder_version=&#8221;4.16&#8243; _module_preset=&#8221;default&#8221; global_colors_info=&#8221;{}&#8221;][et_pb_code _builder_version=&#8221;4.16&#8243; _module_preset=&#8221;default&#8221; module_alignment=&#8221;left&#8221; height=&#8221;490px&#8221; filter_saturate=&#8221;0%&#8221; border_color_all=&#8221;#000000&#8243; global_colors_info=&#8221;{}&#8221;]<iframe src=\"https:\/\/www.google.com\/maps\/embed?pb=!1m18!1m12!1m3!1d3106.8901841189836!2d-9.141098184393366!3d38.85787067957666!2m3!1f0!2f0!3f0!3m2!1i1024!2i768!4f13.1!3m3!1m2!1s0xd192c5dec529663%3A0xc2d40779bdcc8f09!2sInstituto%20B%C3%ADblico%20Portugu%C3%AAs!5e0!3m2!1spt-PT!2spt!4v1662625591566!5m2!1spt-PT!2spt\" width=\"600\" height=\"450\" style=\"border:0;\" allowfullscreen=\"\" loading=\"lazy\" referrerpolicy=\"no-referrer-when-downgrade\"><\/iframe>[\/et_pb_code][\/et_pb_column][\/et_pb_row][\/et_pb_section][et_pb_section fb_built=&#8221;1&#8243; _builder_version=&#8221;4.16&#8243; _module_preset=&#8221;default&#8221; background_color=&#8221;#ac1925&#8243; global_colors_info=&#8221;{}&#8221;][et_pb_row column_structure=&#8221;1_3,1_3,1_3&#8243; _builder_version=&#8221;4.16&#8243; _module_preset=&#8221;default&#8221; global_colors_info=&#8221;{}&#8221;][et_pb_column type=&#8221;1_3&#8243; _builder_version=&#8221;4.16&#8243; _module_preset=&#8221;default&#8221; global_colors_info=&#8221;{}&#8221;][et_pb_text _builder_version=&#8221;4.16&#8243; _module_preset=&#8221;default&#8221; text_font=&#8221;|700|||||||&#8221; text_text_color=&#8221;#FFFFFF&#8221; text_font_size=&#8221;45px&#8221; custom_padding=&#8221;22px|||||&#8221; global_colors_info=&#8221;{}&#8221;]<\/p>\n<p>Contactos<\/p>\n<p>[\/et_pb_text][et_pb_text _builder_version=&#8221;4.16&#8243; _module_preset=&#8221;default&#8221; text_font=&#8221;|300|||||||&#8221; text_text_color=&#8221;#FFFFFF&#8221; text_font_size=&#8221;18px&#8221; global_colors_info=&#8221;{}&#8221;]<\/p>\n<p><strong>TELEFONE\/FAX<\/strong><br \/>Telefone: 21 974 9047<br \/>Fax: 21 973 0266<\/p>\n<p>&nbsp;<\/p>\n<p><strong>HOR\u00c1RIO\u00a0DA SECRETARIA<\/strong><\/p>\n<ul>\n<li>2\u00aa &#8211; 5\u00aa das 14h00 \u00e0s 19h00.<\/li>\n<li>6\u00aa Fechado.<\/li>\n<\/ul>\n<p>[\/et_pb_text][\/et_pb_column][et_pb_column type=&#8221;1_3&#8243; _builder_version=&#8221;4.16&#8243; _module_preset=&#8221;default&#8221; global_colors_info=&#8221;{}&#8221;][et_pb_text _builder_version=&#8221;4.16&#8243; _module_preset=&#8221;default&#8221; text_font=&#8221;|300|||||||&#8221; text_text_color=&#8221;#FFFFFF&#8221; text_font_size=&#8221;18px&#8221; width=&#8221;96.2%&#8221; custom_margin=&#8221;56px|||0px||&#8221; custom_padding=&#8221;|||0px||&#8221; global_colors_info=&#8221;{}&#8221;]<\/p>\n<p>Poder\u00e1 tamb\u00e9m pedir informa\u00e7\u00f5es atrav\u00e9s do email: <span>ibp@ibp-aee.org<\/span><\/p>\n<p>Sector Acad\u00e9mico:\u00a0<span>academico@ibp-aee.org<\/span><\/p>\n<p>[\/et_pb_text][\/et_pb_column][et_pb_column type=&#8221;1_3&#8243; _builder_version=&#8221;4.16&#8243; _module_preset=&#8221;default&#8221; global_colors_info=&#8221;{}&#8221;][et_pb_text _builder_version=&#8221;4.16&#8243; _module_preset=&#8221;default&#8221; text_font=&#8221;|300|||||||&#8221; text_text_color=&#8221;#FFFFFF&#8221; text_font_size=&#8221;18px&#8221; width=&#8221;100%&#8221; min_height=&#8221;107px&#8221; custom_margin=&#8221;|||3px||&#8221; custom_padding=&#8221;55px|||3px||&#8221; global_colors_info=&#8221;{}&#8221;]<\/p>\n<p><strong>ENDERE\u00c7O<\/strong><\/p>\n<p>Instituto B\u00edblico Portugu\u00eas<br \/>R. Castelo Pic\u00e3o n\u00ba13<br \/>2660-144\u00a0S. Ant\u00e3o do Tojal<br \/>Portugal<\/p>\n<p>[\/et_pb_text][\/et_pb_column][\/et_pb_row][\/et_pb_section][et_pb_section fb_built=&#8221;1&#8243; _builder_version=&#8221;4.16&#8243; _module_preset=&#8221;default&#8221; background_color=&#8221;#191919&#8243; min_height=&#8221;100px&#8221; height=&#8221;90px&#8221; global_colors_info=&#8221;{}&#8221;][et_pb_row _builder_version=&#8221;4.16&#8243; _module_preset=&#8221;default&#8221; global_colors_info=&#8221;{}&#8221;][et_pb_column type=&#8221;4_4&#8243; _builder_version=&#8221;4.16&#8243; _module_preset=&#8221;default&#8221; global_colors_info=&#8221;{}&#8221;][et_pb_text _builder_version=&#8221;4.16&#8243; _module_preset=&#8221;default&#8221; text_text_color=&#8221;#A0A0A0&#8243; text_font_size=&#8221;13px&#8221; global_colors_info=&#8221;{}&#8221;]<\/p>\n<p>cr\u00e9ditos das imagens: <span>\u00a0jcomp, wirestock, gpointstudio &#8211; Freepik.com<\/span><\/p>\n<p>[\/et_pb_text][\/et_pb_column][\/et_pb_row][\/et_pb_section]<\/p>\n","protected":false},"excerpt":{"rendered":"<p>Bem-Vindo ao InstitutoB\u00edblico Portugu\u00easDeus est\u00e1 no centro da nossa exist\u00eancia e \u00e9 o fim \u00faltimo do nosso minist\u00e9rio, que visa a Sua gl\u00f3ria.Vis\u00e3o InterdenominacionalNo IBP cultivamos um ambiente de respeito pela diferen\u00e7a, que caracteriza o estado atual do povo evang\u00e9lico portugu\u00eas. N\u00e3o somos partid\u00e1rios do ecumenismo e, apesar da complexidade atual, acreditamos que o testemunho [&hellip;]<\/p>\n","protected":false},"author":1,"featured_media":0,"parent":0,"menu_order":0,"comment_status":"closed","ping_status":"closed","template":"","meta":{"_et_pb_use_builder":"on","_et_pb_old_content":"","_et_gb_content_width":"","footnotes":""},"class_list":["post-114","page","type-page","status-publish","hentry"],"_links":{"self":[{"href":"https:\/\/ibp-aee.org\/dev\/wp-json\/wp\/v2\/pages\/114","targetHints":{"allow":["GET"]}}],"collection":[{"href":"https:\/\/ibp-aee.org\/dev\/wp-json\/wp\/v2\/pages"}],"about":[{"href":"https:\/\/ibp-aee.org\/dev\/wp-json\/wp\/v2\/types\/page"}],"author":[{"embeddable":true,"href":"https:\/\/ibp-aee.org\/dev\/wp-json\/wp\/v2\/users\/1"}],"replies":[{"embeddable":true,"href":"https:\/\/ibp-aee.org\/dev\/wp-json\/wp\/v2\/comments?post=114"}],"version-history":[{"count":50,"href":"https:\/\/ibp-aee.org\/dev\/wp-json\/wp\/v2\/pages\/114\/revisions"}],"predecessor-version":[{"id":520,"href":"https:\/\/ibp-aee.org\/dev\/wp-json\/wp\/v2\/pages\/114\/revisions\/520"}],"wp:attachment":[{"href":"https:\/\/ibp-aee.org\/dev\/wp-json\/wp\/v2\/media?parent=114"}],"curies":[{"name":"wp","href":"https:\/\/api.w.org\/{rel}","templated":true}]}}